{"id":45810,"date":"2025-08-04T12:12:37","date_gmt":"2025-08-04T10:12:37","guid":{"rendered":"https:\/\/seaottereurope.com\/programme-general-du-festival\/"},"modified":"2026-02-24T12:24:32","modified_gmt":"2026-02-24T11:24:32","slug":"programme-general-du-festival","status":"publish","type":"page","link":"https:\/\/www.seaottereurope.com\/fr\/programme-general-du-festival\/","title":{"rendered":"Programme g\u00e9n\u00e9ral du festival"},"content":{"rendered":"\t\t<div data-elementor-type=\"wp-page\" data-elementor-id=\"45810\" class=\"elementor elementor-45810 elementor-40902\" data-elementor-post-type=\"page\">\n\t\t\t\t<div class=\"elementor-element elementor-element-276400c e-con-full e-flex e-con e-parent\" data-id=\"276400c\" data-element_type=\"container\" data-e-type=\"container\">\n\t\t<div class=\"elementor-element elementor-element-88acfde e-flex e-con-boxed e-con e-child\" data-id=\"88acfde\" data-element_type=\"container\" data-e-type=\"container\">\n\t\t\t\t\t<div class=\"e-con-inner\">\n\t\t<div class=\"elementor-element elementor-element-a280a33 e-con-full e-flex e-con e-child\" data-id=\"a280a33\" data-element_type=\"container\" data-e-type=\"container\">\n\t\t\t\t<div class=\"elementor-element elementor-element-8919fce content-align-left icon-box-vertical-align-top icon-position-left icon-vertical-align-start elementor-widget elementor-widget-the7_icon_box_grid_widget\" data-id=\"8919fce\" data-element_type=\"widget\" data-e-type=\"widget\" data-widget_type=\"the7_icon_box_grid_widget.default\">\n\t\t\t\t<div class=\"elementor-widget-container\">\n\t\t\t\t\t<div class=\"the7-box-grid-wrapper the7-elementor-widget loading-effect-none the7_icon_box_grid_widget-8919fce\">\t\t\t<div class=\"dt-css-grid\">\n\t\t\t\t\t\t\t\t\t<div class=\"wf-cell shown\">\n\t\t\t\t\t\t<div class=\"the7-icon-box-grid\">\t\t\t\t\t\t\t<div class=\"box-content-wrapper\">\n\t\t\t\t\t\t\t\t\t\t\t\t\t\t\t\t\t<a class=\"elementor-icon-div\" aria-label=\"Nous travaillons sur le programme du festival.\">\t\t\t\t\t\t\t\t\t\t<div class=\"elementor-icon\">\n\t\t\t\t\t\t\t\t\t\t\t<svg aria-hidden=\"true\" class=\"e-font-icon-svg e-fas-info-circle\" viewBox=\"0 0 512 512\" xmlns=\"http:\/\/www.w3.org\/2000\/svg\"><path d=\"M256 8C119.043 8 8 119.083 8 256c0 136.997 111.043 248 248 248s248-111.003 248-248C504 119.083 392.957 8 256 8zm0 110c23.196 0 42 18.804 42 42s-18.804 42-42 42-42-18.804-42-42 18.804-42 42-42zm56 254c0 6.627-5.373 12-12 12h-88c-6.627 0-12-5.373-12-12v-24c0-6.627 5.373-12 12-12h12v-64h-12c-6.627 0-12-5.373-12-12v-24c0-6.627 5.373-12 12-12h64c6.627 0 12 5.373 12 12v100h12c6.627 0 12 5.373 12 12v24z\"><\/path><\/svg>\t\t\t\t\t\t\t\t\t\t<\/div>\n\t\t\t\t\t\t\t\t\t<\/a>\t\t\t\t\t\t\t\t\t\t\t\t\t\t\t\t<div class=\"box-content\">\n\t\t\t\t\t\t\t\t\t\t\t\t\t\t\t\t\t\t\t\t\t\t\t\t\t\t\t\t\t<h4 class=\"box-heading\">\n\t\t\t\t\t\t\t\t\t\t\t<a aria-label=\"Nous travaillons sur le programme du festival.\">\t\t\t\t\t\t\t\t\t\t\t\tNous travaillons sur le programme du festival.\t\t\t\t\t\t\t\t\t\t\t<\/a>\t\t\t\t\t\t\t\t\t\t<\/h4>\n\t\t\t\t\t\t\t\t\t\t\t\t\t\t\t\t\t\t\t\t\t\t\t\t\t\t\t\t\t\t\t\t\t\t\t<\/div>\n\t\t\t\t\t\t\t<\/div>\n\t\t\t\t\t\t<\/div>\t\t\t\t\t<\/div>\n\t\t\t\t\t\t\t<\/div>\n\t\t<\/div>\t\t\t\t<\/div>\n\t\t\t\t<\/div>\n\t\t\t\t<\/div>\n\t\t<div class=\"elementor-element elementor-element-1f156db e-con-full e-flex e-con e-child\" data-id=\"1f156db\" data-element_type=\"container\" data-e-type=\"container\">\n\t\t\t\t<div class=\"elementor-element elementor-element-76b839a elementor-widget elementor-widget-image\" data-id=\"76b839a\" data-element_type=\"widget\" data-e-type=\"widget\" data-widget_type=\"image.default\">\n\t\t\t\t\t\t\t\t\t\t\t\t\t\t\t<img fetchpriority=\"high\" decoding=\"async\" width=\"1024\" height=\"1024\" src=\"https:\/\/www.seaottereurope.com\/wp-content\/uploads\/2025\/10\/record-sea-otter-europe-2025-1024x1024.jpg\" class=\"attachment-large size-large wp-image-45627\" alt=\"Entr\u00e9e principale avec une grande affluence de visiteurs acc\u00e9dant au festival europ\u00e9en de cyclisme Sea Otter Europe dans le parc du pavillon Fontajau de G\u00e9rone\" srcset=\"https:\/\/www.seaottereurope.com\/wp-content\/uploads\/2025\/10\/record-sea-otter-europe-2025-1024x1024.jpg 1024w, https:\/\/www.seaottereurope.com\/wp-content\/uploads\/2025\/10\/record-sea-otter-europe-2025-300x300.jpg 300w, https:\/\/www.seaottereurope.com\/wp-content\/uploads\/2025\/10\/record-sea-otter-europe-2025-150x150.jpg 150w, https:\/\/www.seaottereurope.com\/wp-content\/uploads\/2025\/10\/record-sea-otter-europe-2025-768x768.jpg 768w, https:\/\/www.seaottereurope.com\/wp-content\/uploads\/2025\/10\/record-sea-otter-europe-2025.jpg 1200w\" sizes=\"(max-width: 1024px) 100vw, 1024px\" \/>\t\t\t\t\t\t\t\t\t\t\t\t\t\t\t<\/div>\n\t\t\t\t<\/div>\n\t\t\t\t\t<\/div>\n\t\t\t\t<\/div>\n\t\t\t\t<\/div>\n\t\t<div class=\"elementor-element elementor-element-8730ff5 elementor-hidden-desktop elementor-hidden-tablet elementor-hidden-mobile e-flex e-con-boxed e-con e-parent\" data-id=\"8730ff5\" data-element_type=\"container\" data-e-type=\"container\">\n\t\t\t\t\t<div class=\"e-con-inner\">\n\t\t\t\t<div class=\"elementor-element elementor-element-02c9150 elementor-widget elementor-widget-text-editor\" data-id=\"02c9150\" data-element_type=\"widget\" data-e-type=\"widget\" data-widget_type=\"text-editor.default\">\n\t\t\t\t\t\t\t\t\t<p>Programme provisoire susceptible de modifications<\/p>\t\t\t\t\t\t\t\t<\/div>\n\t\t\t\t<div class=\"elementor-element elementor-element-4463875 elementor-widget elementor-widget-text-editor\" data-id=\"4463875\" data-element_type=\"widget\" data-e-type=\"widget\" data-widget_type=\"text-editor.default\">\n\t\t\t\t\t\t\t\t\t<h2>Vendredi&nbsp;18<\/h2><table style=\"width: 100%; border-collapse: separate; border-spacing: 0 1px; background: #cfcfcf; font-family: Arial, sans-serif; font-size: 14px;\"><thead><tr style=\"background: #f5f5f5;\"><th style=\"padding: 10px 12px; text-align: left;\">HORAIRE<\/th><th style=\"padding: 10px 12px; text-align: left;\">ACTIVIT\u00c9<\/th><th style=\"padding: 10px 12px; text-align: left;\">LIEU<\/th><\/tr><\/thead><tbody><tr style=\"background: #fff;\"><td style=\"padding: 10px 12px;\"><strong>10h00<\/strong><\/td><td style=\"padding: 10px 12px;\" colspan=\"2\"><strong>OUVERTURE DU FESTIVAL SEA OTTER EUROPE<\/strong><\/td><\/tr><tr style=\"background: #fff;\"><td style=\"padding: 10px 12px;\">11h00 &#8211; 14h00<\/td><td style=\"padding: 10px 12px;\">MAQUILLAGE ET ATELIER DE BADGES<\/td><td style=\"padding: 10px 12px;\">ZONE JAUNE<\/td><\/tr><tr style=\"background: #fff;\"><td style=\"padding: 10px 12px;\">11h00<\/td><td style=\"padding: 10px 12px;\">D\u00c9BUT DEMOBIKE<\/td><td style=\"padding: 10px 12px;\">CIRCUITS DEMOBIKE<\/td><\/tr><tr style=\"background: #fff;\"><td style=\"padding: 10px 12px;\">12h30<\/td><td style=\"padding: 10px 12px;\" colspan=\"2\">INAUGURATION DU FESTIVAL SEA OTTER EUROPE<\/td><\/tr><tr style=\"background: #fff;\"><td style=\"padding: 10px 12px;\">15h00 &#8211; 19h00<\/td><td style=\"padding: 10px 12px;\">MAQUILLAGE ET ATELIER DE BADGES<\/td><td style=\"padding: 10px 12px;\">ZONE JAUNE<\/td><\/tr><tr style=\"background: #fff;\"><td style=\"padding: 10px 12px;\">16h40<\/td><td style=\"padding: 10px 12px;\">CONTRE-LA-MONTRE FEMMES XCE<\/td><td style=\"padding: 10px 12px;\">ZONE EURO MOBILITY<\/td><\/tr><tr style=\"background: #fff;\"><td style=\"padding: 10px 12px;\">16h50<\/td><td style=\"padding: 10px 12px;\">CONTRE-LA-MONTRE HOMMES XCE<\/td><td style=\"padding: 10px 12px;\">ZONE EURO MOBILITY<\/td><\/tr><tr style=\"background: #fff;\"><td style=\"padding: 10px 12px;\">17h10 &#8211; 18h10<\/td><td style=\"padding: 10px 12px;\">FINALES FEMMES ET HOMMES<\/td><td style=\"padding: 10px 12px;\">ZONE EURO MOBILITY<\/td><\/tr><tr style=\"background: #fff;\"><td style=\"padding: 10px 12px;\">17h15 &#8211; 19h15<\/td><td style=\"padding: 10px 12px;\">DJ MARVIN<\/td><td style=\"padding: 10px 12px;\">SC\u00c8NE TRAILER<\/td><\/tr><tr style=\"background: #fff;\"><td style=\"padding: 10px 12px;\">18h20<\/td><td style=\"padding: 10px 12px;\">SHORT TRACK FEMMES<\/td><td style=\"padding: 10px 12px;\">ZONE EURO MOBILITY<\/td><\/tr><tr style=\"background: #fff;\"><td style=\"padding: 10px 12px;\">18h30<\/td><td style=\"padding: 10px 12px;\">SHORT TRACK HOMMES<\/td><td style=\"padding: 10px 12px;\">ZONE EURO MOBILITY<\/td><\/tr><tr style=\"background: #fff;\"><td style=\"padding: 10px 12px;\">18h50<\/td><td style=\"padding: 10px 12px;\">Remise des prix SHORT TRACK et XCE<\/td><td style=\"padding: 10px 12px;\">ZONE EURO MOBILITY<\/td><\/tr><tr style=\"background: #fff;\"><td style=\"padding: 10px 12px;\">19h00<\/td><td style=\"padding: 10px 12px;\">FIN DEMOBIKE<\/td><td style=\"padding: 10px 12px;\">CIRCUITS DEMOBIKE<\/td><\/tr><tr style=\"background: #fff;\"><td style=\"padding: 10px 12px;\"><strong>19h30<\/strong><\/td><td style=\"padding: 10px 12px;\" colspan=\"2\"><strong>CL\u00d4TURE DU FESTIVAL SEA OTTER EUROPE<\/strong><\/td><\/tr><\/tbody><\/table>\t\t\t\t\t\t\t\t<\/div>\n\t\t\t\t<div class=\"elementor-element elementor-element-ecab8d3 elementor-widget elementor-widget-text-editor\" data-id=\"ecab8d3\" data-element_type=\"widget\" data-e-type=\"widget\" data-widget_type=\"text-editor.default\">\n\t\t\t\t\t\t\t\t\t<h2>Samedi&nbsp;19<\/h2><table style=\"width: 100%; border-collapse: separate; border-spacing: 0 1px; background: #cfcfcf; font-family: Arial, sans-serif; font-size: 14px;\"><thead><tr style=\"background: #f5f5f5;\"><th style=\"padding: 10px 12px; text-align: left;\">HORAIRE<\/th><th style=\"padding: 10px 12px; text-align: left;\">ACTIVIT\u00c9<\/th><th style=\"padding: 10px 12px; text-align: left;\">LIEU<\/th><\/tr><\/thead><tbody><tr style=\"background: #fff;\"><td style=\"padding: 10px 12px;\"><strong>9h00<\/strong><\/td><td style=\"padding: 10px 12px;\" colspan=\"2\"><strong>OUVERTURE DU FESTIVAL SEA OTTER EUROPE<\/strong><\/td><\/tr><tr style=\"background: #fff;\"><td style=\"padding: 10px 12px;\">9h30<\/td><td style=\"padding: 10px 12px;\">D\u00c9BUT DEMOBIKE<\/td><td style=\"padding: 10px 12px;\">CIRCUITS DEMOBIKE<\/td><\/tr><tr style=\"background: #fff;\"><td style=\"padding: 10px 12px;\">9h00<\/td><td style=\"padding: 10px 12px;\">PREMIER D\u00c9PART SHIMANO SUPER CUP MASSI<\/td><td style=\"padding: 10px 12px;\">D\u00c9PART XCO<\/td><\/tr><tr style=\"background: #fff;\"><td style=\"padding: 10px 12px;\">10h00 &#8211; 14h00<\/td><td style=\"padding: 10px 12px;\">MAQUILLAGE ET ATELIER DE BADGES<\/td><td style=\"padding: 10px 12px;\">ZONE JAUNE<\/td><\/tr><tr style=\"background: #fff;\"><td style=\"padding: 10px 12px;\">10h30<\/td><td style=\"padding: 10px 12px;\">D\u00c9PART UCI GRAVEL WORLD SERIES<\/td><td style=\"padding: 10px 12px;\">JUI\u00c0<\/td><\/tr><tr style=\"background: #fff;\"><td style=\"padding: 10px 12px;\">10h40<\/td><td style=\"padding: 10px 12px;\">DEUXI\u00c8ME D\u00c9PART SHIMANO SUPER CUP MASSI<\/td><td style=\"padding: 10px 12px;\">D\u00c9PART XCO<\/td><\/tr><tr style=\"background: #fff;\"><td style=\"padding: 10px 12px;\">10h50<\/td><td style=\"padding: 10px 12px;\">1re&nbsp;Remise des prix SHIMANO SUPER CUP MASSI<\/td><td style=\"padding: 10px 12px;\">SC\u00c8NE TRAILER<\/td><\/tr><tr style=\"background: #fff;\"><td style=\"padding: 10px 12px;\">12h30<\/td><td style=\"padding: 10px 12px;\">TROISI\u00c8ME D\u00c9PART SHIMANO SUPER CUP MASSI<\/td><td style=\"padding: 10px 12px;\">D\u00c9PART XCO<\/td><\/tr><tr style=\"background: #fff;\"><td style=\"padding: 10px 12px;\">14h30<\/td><td style=\"padding: 10px 12px;\">2e&nbsp;Remise des prix SHIMANO SUPER CUP MASSI<\/td><td style=\"padding: 10px 12px;\">SC\u00c8NE TRAILER<\/td><\/tr><tr style=\"background: #fff;\"><td style=\"padding: 10px 12px;\">14h30 &#8211; 16h00<\/td><td style=\"padding: 10px 12px;\">SPECTACLE DUET DOUBLE CHICK<\/td><td style=\"padding: 10px 12px;\">AUDITORIUM EURO MOBILITY<\/td><\/tr><tr style=\"background: #fff;\"><td style=\"padding: 10px 12px;\">15h00 &#8211; 19h00<\/td><td style=\"padding: 10px 12px;\">MAQUILLAGE ET ATELIER DE BADGES<\/td><td style=\"padding: 10px 12px;\">ZONE JAUNE<\/td><\/tr><tr style=\"background: #fff;\"><td style=\"padding: 10px 12px;\">16h00<\/td><td style=\"padding: 10px 12px;\">D\u00c9PART SUPERCUP YOUTH PreBenjam\u00ed<\/td><td style=\"padding: 10px 12px;\">D\u00c9PART XCO<\/td><\/tr><tr style=\"background: #fff;\"><td style=\"padding: 10px 12px;\">16h00<\/td><td style=\"padding: 10px 12px;\">D\u00c9PART CHAMPIONNAT D\u2019ESPAGNE XCE<\/td><td style=\"padding: 10px 12px;\">ZONE EURO MOBILITY<\/td><\/tr><tr style=\"background: #fff;\"><td style=\"padding: 10px 12px;\">16h15<\/td><td style=\"padding: 10px 12px;\">D\u00c9PART SUPERCUP YOUTH Benjam\u00ed<\/td><td style=\"padding: 10px 12px;\">D\u00c9PART XCO<\/td><\/tr><tr style=\"background: #fff;\"><td style=\"padding: 10px 12px;\">16h30<\/td><td style=\"padding: 10px 12px;\">D\u00c9PART SUPERCUP YOUTH Principiant<\/td><td style=\"padding: 10px 12px;\">D\u00c9PART XCO<\/td><\/tr><tr style=\"background: #fff;\"><td style=\"padding: 10px 12px;\">16h55<\/td><td style=\"padding: 10px 12px;\">D\u00c9PART SUPERCUP YOUTH Alev\u00ed<\/td><td style=\"padding: 10px 12px;\">D\u00c9PART XCO<\/td><\/tr><tr style=\"background: #fff;\"><td style=\"padding: 10px 12px;\">17h35<\/td><td style=\"padding: 10px 12px;\">D\u00c9PART SUPERCUP YOUTH Infantil<\/td><td style=\"padding: 10px 12px;\">D\u00c9PART XCO<\/td><\/tr><tr style=\"background: #fff;\"><td style=\"padding: 10px 12px;\">17h30<\/td><td style=\"padding: 10px 12px;\">Remise des prix UCI GRAVEL WORLD SERIES<\/td><td style=\"padding: 10px 12px;\">SC\u00c8NE TRAILER<\/td><\/tr><tr style=\"background: #fff;\"><td style=\"padding: 10px 12px;\">18h00<\/td><td style=\"padding: 10px 12px;\">Remise des prix SUPER CUP YOUTH<\/td><td style=\"padding: 10px 12px;\">SC\u00c8NE TRAILER<\/td><\/tr><tr style=\"background: #fff;\"><td style=\"padding: 10px 12px;\">18h00<\/td><td style=\"padding: 10px 12px;\">FINALES CHAMPIONNAT D\u2019ESPAGNE XCE<\/td><td style=\"padding: 10px 12px;\">ZONE EURO MOBILITY<\/td><\/tr><tr style=\"background: #fff;\"><td style=\"padding: 10px 12px;\">18h30<\/td><td style=\"padding: 10px 12px;\">D\u00c9PART MTB CLASSIC<\/td><td style=\"padding: 10px 12px;\">D\u00c9PART XCO<\/td><\/tr><tr style=\"background: #fff;\"><td style=\"padding: 10px 12px;\">19h00<\/td><td style=\"padding: 10px 12px;\">REMISE DE PRIX XCE<\/td><td style=\"padding: 10px 12px;\">ZONE EURO MOBILITY<\/td><\/tr><tr style=\"background: #fff;\"><td style=\"padding: 10px 12px;\">19h00<\/td><td style=\"padding: 10px 12px;\">FIN DEMOBIKE<\/td><td style=\"padding: 10px 12px;\">CIRCUITS DEMOBIKE<\/td><\/tr><tr style=\"background: #fff;\"><td style=\"padding: 10px 12px;\"><strong>19h30<\/strong><\/td><td style=\"padding: 10px 12px;\" colspan=\"2\"><strong>CL\u00d4TURE DU FESTIVAL SEA OTTER EUROPE<\/strong><\/td><\/tr><\/tbody><\/table>\t\t\t\t\t\t\t\t<\/div>\n\t\t\t\t<div class=\"elementor-element elementor-element-84feb14 elementor-widget elementor-widget-text-editor\" data-id=\"84feb14\" data-element_type=\"widget\" data-e-type=\"widget\" data-widget_type=\"text-editor.default\">\n\t\t\t\t\t\t\t\t\t<h2>Dimanche&nbsp;20<\/h2><table style=\"width: 100%; border-collapse: separate; border-spacing: 0 1px; background: #cfcfcf; font-family: Arial, sans-serif; font-size: 14px;\"><thead><tr style=\"background: #f5f5f5;\"><th style=\"padding: 10px 12px; text-align: left;\">HORAIRE<\/th><th style=\"padding: 10px 12px; text-align: left;\">ACTIVIT\u00c9<\/th><th style=\"padding: 10px 12px; text-align: left;\">LIEU<\/th><\/tr><\/thead><tbody><tr style=\"background: #fff;\"><td style=\"padding: 10px 12px;\">08h00<\/td><td style=\"padding: 10px 12px;\">D\u00c9PART CICLOBRAVA by Orbea<\/td><td style=\"padding: 10px 12px;\">PASSEIG DE LA DEVESA<\/td><\/tr><tr style=\"background: #fff;\"><td style=\"padding: 10px 12px;\">08h35<\/td><td style=\"padding: 10px 12px;\">D\u00c9PART SCOTT MARATHON XCM\/XCP<\/td><td style=\"padding: 10px 12px;\">D\u00c9PART XCO<\/td><\/tr><tr style=\"background: #fff;\"><td style=\"padding: 10px 12px;\"><strong>09h00<\/strong><\/td><td style=\"padding: 10px 12px;\" colspan=\"2\"><strong>OUVERTURE DU FESTIVAL SEA OTTER EUROPE<\/strong><\/td><\/tr><tr style=\"background: #fff;\"><td style=\"padding: 10px 12px;\">09h15<\/td><td style=\"padding: 10px 12px;\">D\u00c9PART GIRONA GRAVEL RIDE<\/td><td style=\"padding: 10px 12px;\">PASSEIG DE LA DEVESA<\/td><\/tr><tr style=\"background: #fff;\"><td style=\"padding: 10px 12px;\">09h15 &#8211; 13h30<\/td><td style=\"padding: 10px 12px;\">D\u00c9BUT COUPE GIRONA TRIAL by SEA OTTER EUROPE<\/td><td style=\"padding: 10px 12px;\">ZONE EURO MOBILITY<\/td><\/tr><tr style=\"background: #fff;\"><td style=\"padding: 10px 12px;\">09h30<\/td><td style=\"padding: 10px 12px;\">D\u00c9BUT DEMOBIKE<\/td><td style=\"padding: 10px 12px;\">CIRCUITS DEMOBIKE<\/td><\/tr><tr style=\"background: #fff;\"><td style=\"padding: 10px 12px;\">09h30<\/td><td style=\"padding: 10px 12px;\">D\u00c9PART UCI HERO &#8211; La Tramun<\/td><td style=\"padding: 10px 12px;\">LES PLANES D&rsquo;HOSTOLES<\/td><\/tr><tr style=\"background: #fff;\"><td style=\"padding: 10px 12px;\">10h00 &#8211; 14h00<\/td><td style=\"padding: 10px 12px;\">MAQUILLAGE ET ATELIER DE CHAPAS<\/td><td style=\"padding: 10px 12px;\">ZONE JAUNE<\/td><\/tr><tr style=\"background: #fff;\"><td style=\"padding: 10px 12px;\">11h00<\/td><td style=\"padding: 10px 12px;\">D\u00c9PART PREMI\u00c8RE MANCHE DE MINI DH<\/td><td style=\"padding: 10px 12px;\">ZONE PUIG D&rsquo;EN ROCA<\/td><\/tr><tr style=\"background: #fff;\"><td style=\"padding: 10px 12px;\">11h30 &#8211; 13h30<\/td><td style=\"padding: 10px 12px;\">MAG LLUC<\/td><td style=\"padding: 10px 12px;\">ZONE VERTE ET ZONE EURO MOBILITY<\/td><\/tr><tr style=\"background: #fff;\"><td style=\"padding: 10px 12px;\">12h00 &#8211; 14h00<\/td><td style=\"padding: 10px 12px;\">DJ MARVIN<\/td><td style=\"padding: 10px 12px;\">SC\u00c8NE TRAILER<\/td><\/tr><tr style=\"background: #fff;\"><td style=\"padding: 10px 12px;\">12h00<\/td><td style=\"padding: 10px 12px;\">D\u00c9PART DEUXI\u00c8ME MANCHE DE MINI DH<\/td><td style=\"padding: 10px 12px;\">ZONE PUIG D&rsquo;EN ROCA<\/td><\/tr><tr style=\"background: #fff;\"><td style=\"padding: 10px 12px;\">12h30<\/td><td style=\"padding: 10px 12px;\">Remise des prix SCOTT MARATHON CUP XCP<\/td><td style=\"padding: 10px 12px;\">SC\u00c8NE ZONE VERTE<\/td><\/tr><tr style=\"background: #fff;\"><td style=\"padding: 10px 12px;\">13h00<\/td><td style=\"padding: 10px 12px;\">Remise des prix MINI DH<\/td><td style=\"padding: 10px 12px;\">ZONE PUIG D&rsquo;EN ROCA<\/td><\/tr><tr style=\"background: #fff;\"><td style=\"padding: 10px 12px;\">13h30<\/td><td style=\"padding: 10px 12px;\">Remise des prix COUPE GIRONA TRIAL<\/td><td style=\"padding: 10px 12px;\">ZONE EURO MOBILITY<\/td><\/tr><tr style=\"background: #fff;\"><td style=\"padding: 10px 12px;\">13h30<\/td><td style=\"padding: 10px 12px;\">Remise des prix SCOTT MARATHON CUP XCM<\/td><td style=\"padding: 10px 12px;\">SC\u00c8NE ZONE VERTE<\/td><\/tr><tr style=\"background: #fff;\"><td style=\"padding: 10px 12px;\">14h00<\/td><td style=\"padding: 10px 12px;\">FIN DEMOBIKE<\/td><td style=\"padding: 10px 12px;\">CIRCUITS DEMOBIKE<\/td><\/tr><tr style=\"background: #fff;\"><td style=\"padding: 10px 12px;\"><strong>14h30<\/strong><\/td><td style=\"padding: 10px 12px;\" colspan=\"2\"><strong>CL\u00d4TURE DU FESTIVAL SEA OTTER EUROPE<\/strong><\/td><\/tr><tr style=\"background: #fff;\"><td style=\"padding: 10px 12px;\">14h30<\/td><td style=\"padding: 10px 12px;\">Remise des prix UCI HERO LA TRAMUN<\/td><td style=\"padding: 10px 12px;\">SC\u00c8NE ZONE VERTE EXT\u00c9RIEURE<\/td><\/tr><tr style=\"background: #fff;\"><td style=\"padding: 10px 12px;\">15h00<\/td><td style=\"padding: 10px 12px;\">Remise des prix UCI HERO G\u00e9n\u00e9ral<\/td><td style=\"padding: 10px 12px;\">SC\u00c8NE ZONE VERTE EXT\u00c9RIEURE<\/td><\/tr><\/tbody><\/table>\t\t\t\t\t\t\t\t<\/div>\n\t\t\t\t\t<\/div>\n\t\t\t\t<\/div>\n\t\t\t\t<\/div>\n\t\t","protected":false},"excerpt":{"rendered":"<p>Nous travaillons sur le programme du festival. Programme provisoire susceptible de modifications Vendredi&nbsp;18 HORAIRE ACTIVIT\u00c9 LIEU 10h00 OUVERTURE DU FESTIVAL SEA OTTER EUROPE 11h00 &#8211; 14h00 MAQUILLAGE ET ATELIER DE BADGES ZONE JAUNE 11h00 D\u00c9BUT DEMOBIKE CIRCUITS DEMOBIKE 12h30 INAUGURATION DU FESTIVAL SEA OTTER EUROPE 15h00 &#8211; 19h00 MAQUILLAGE ET ATELIER DE BADGES ZONE JAUNE&hellip;<\/p>\n","protected":false},"author":4,"featured_media":0,"parent":0,"menu_order":0,"comment_status":"closed","ping_status":"closed","template":"","meta":{"footnotes":""},"class_list":["post-45810","page","type-page","status-publish","hentry"],"_links":{"self":[{"href":"https:\/\/www.seaottereurope.com\/fr\/wp-json\/wp\/v2\/pages\/45810","targetHints":{"allow":["GET"]}}],"collection":[{"href":"https:\/\/www.seaottereurope.com\/fr\/wp-json\/wp\/v2\/pages"}],"about":[{"href":"https:\/\/www.seaottereurope.com\/fr\/wp-json\/wp\/v2\/types\/page"}],"author":[{"embeddable":true,"href":"https:\/\/www.seaottereurope.com\/fr\/wp-json\/wp\/v2\/users\/4"}],"replies":[{"embeddable":true,"href":"https:\/\/www.seaottereurope.com\/fr\/wp-json\/wp\/v2\/comments?post=45810"}],"version-history":[{"count":4,"href":"https:\/\/www.seaottereurope.com\/fr\/wp-json\/wp\/v2\/pages\/45810\/revisions"}],"predecessor-version":[{"id":621860,"href":"https:\/\/www.seaottereurope.com\/fr\/wp-json\/wp\/v2\/pages\/45810\/revisions\/621860"}],"wp:attachment":[{"href":"https:\/\/www.seaottereurope.com\/fr\/wp-json\/wp\/v2\/media?parent=45810"}],"curies":[{"name":"wp","href":"https:\/\/api.w.org\/{rel}","templated":true}]}}